{"version":"1.0","provider_name":"VoilaMode","provider_url":"https:\/\/voilamode.cafeblog.hu","author_name":"Antalfy Krisztina","author_url":"https:\/\/voilamode.cafeblog.hu\/author\/antalfykrisztinagmail-com\/","title":"H\u00e1rom szuper BABA \/\/ teszt","html":"<p><strong><em>\u00daj k\u00f6nt\u00f6sben a k\u00e9k p\u00f6tty\u00f6s <\/em><\/strong><\/p>\r\n<p style=\"text-align: justify\"><strong><em>Kalandv\u00e1gyam hat\u00e1rtalan, legal\u00e1bb is, amikor a leg\u00fajabb kozmetikumokr\u00f3l van sz\u00f3. Igazs\u00e1g szerint k\u00e9ptelen vagyok ellen\u00e1llni a gyeng\u00e9d finoms\u00e1goknak, az illatos tusf\u00fcrd\u0151knek, az \u00e1pol\u00f3 samponoknak \u00e9s persze a habf\u00fcrd\u0151knek. Az al\u00e1bbi posztban nagy\u00edt\u00f3 al\u00e1 vettem a Baba term\u00e9kcsal\u00e1d idei \u00fajdons\u00e1gait, melyek csomagol\u00e1s\u00e1t m\u00e9g nagymam\u00e1ink is j\u00f3l ismertek. <\/em><\/strong><\/p>\r\n<p><a href=\"https:\/\/voilamode.cafeblog.hu\/files\/2014\/06\/IMG_20140610_210103.jpg\"><img class=\"size-full wp-image-601 aligncenter\" src=\"https:\/\/voilamode.cafeblog.hu\/files\/2014\/06\/IMG_20140610_210103.jpg\" alt=\"baba\" width=\"550\" height=\"412\" \/><\/a><\/p>\r\n<p style=\"text-align: justify\"><!--more-->Egyszer\u0171en nem tudok itthon, a n\u00e9gy fal k\u00f6z\u00f6tt kikapcsol\u00f3dni, \u00edgy amikor egy kis id\u0151m is engedi, azonnal leugrok a Balatonra, a m\u00e1r m\u00f6g\u00f6tt\u00fcnk \u00e1ll\u00f3 hossz\u00fa h\u00e9tv\u00e9ge pedig a legjobb alkalom volt arra, hogy \u00f6sszecsomagoljam a legsz\u00fcks\u00e9gesebb dolgaimat, \u00e9s 3 teljes napra lek\u00f6lt\u00f6zzek a gy\u00f6ny\u00f6r\u0171 magyar tengerhez.<\/p>\r\n<p>\u00a0<a href=\"https:\/\/voilamode.cafeblog.hu\/files\/2014\/06\/d47a2fe4d5f7a301ca41f5140363bcfd.jpg\"><img class=\"size-full wp-image-593 aligncenter\" src=\"https:\/\/voilamode.cafeblog.hu\/files\/2014\/06\/d47a2fe4d5f7a301ca41f5140363bcfd.jpg\" alt=\"\" width=\"450\" height=\"455\" \/><\/a><\/p>\r\n<p style=\"text-align: justify\">A papucsok, t\u0171sarkuk, topok, bl\u00fazok, hossz\u00fa \u00e9s mini ruh\u00e1k k\u00f6z\u00f6tt az\u00e9rt m\u00e9g siker\u00fclt begy\u00f6m\u00f6sz\u00f6ljem a Baba m\u00e1rka \u00fajdons\u00e1gait is, ami 3 alapvet\u0151 tiszt\u00e1lkod\u00f3 szert tartalmazott, sorrendben a k\u00f6vetkez\u0151ket:<\/p>\r\n<p style=\"text-align: center\"><span style=\"text-decoration: underline\"><strong><em>\u00a0<\/em><\/strong><em><strong>1. Baba 2 in 1 sampon \u00e9s balzsam sz\u00e1raz \u00e9s t\u00f6redezett hajra k\u00f3kuszolajjal<\/strong><\/em><\/span><\/p>\r\n<p style=\"text-align: justify\"><strong><em>Amit a term\u00e9kr\u0151l tudhatunk<\/em> <\/strong> <br \/><br \/>A sz\u00e1raz \u00e9s t\u00f6redezett hajt\u00edpus sz\u00e1m\u00e1ra k\u00e9sz\u00fclt \u00e1pol\u00f3 Baba sampon \u00e9s balzsam 2in1 term\u00e9szetes eredet\u0171 k\u00f3kuszolajat tartalmaz, amely csod\u00e1latos illat\u00e1r\u00f3l ismert. Nem csak tiszt\u00edtja, hanem t\u00e1pl\u00e1lja is a hajat \u00e9s elvar\u00e1zsol haszn\u00e1lat k\u00f6zben, hogy egy csod\u00e1latos k\u00f3kuszliget p\u00e1lm\u00e1i k\u00f6z\u00f6tt \u00e9rezze mag\u00e1t!<\/p>\r\n<p><a href=\"https:\/\/voilamode.cafeblog.hu\/files\/2014\/06\/IMG_20140610_210143.jpg\"><img class=\"size-full wp-image-600 aligncenter\" src=\"https:\/\/voilamode.cafeblog.hu\/files\/2014\/06\/IMG_20140610_210143.jpg\" alt=\"baba\" width=\"370\" height=\"493\" \/><\/a><\/p>\r\n<p style=\"text-align: justify\"><em><strong>K\u00fclcs\u00edn<br \/><br \/><\/strong><\/em>B\u00e1r az egykori csomagol\u00e1st egy picit moderniz\u00e1lt\u00e1k a gy\u00e1rt\u00f3k, szebb, letisztultabb, a m\u00e1rka m\u00e9gis meg\u0151rizte klasszikus, bab\u00e1s jegyeit. \u00c9n kifejezetten szeretem, hogy ilyen nagy mennyis\u00e9gben ker\u00fcl a boltok polcaira, j\u00f3 haszn\u00e1t veszem utaz\u00e1sok sor\u00e1n.<\/p>\r\n<p style=\"text-align: justify\"><em><strong>Belbecs<br \/><br \/><\/strong><\/em>Az illat\u00e1ba azonnal beleszerettem, ami nem v\u00e9letlen, hisz kisl\u00e1ny korom \u00f3ra rajongok a k\u00f3kuszos illatok\u00e9rt, \u00e9s ezt a Baba samponban intenz\u00edven megtal\u00e1ltam. A 2az1-ben term\u00e9kek felett eddig mindig elsiklott a tekintetem, mert \u00fagy gondoltam, hogy az am\u00fagy is festett hajamnak \u00e9rdemesebb k\u00fcl\u00f6n sampont \u00e9s t\u00e1pl\u00e1l\u00f3 kondicion\u00e1l\u00f3t beszerezzek, mert ugye k\u00f6ztudott, hogy a festetett, mel\u00edrozott frizur\u00e1nak sokkal t\u00f6bb t\u00e1panyagra, hat\u00f3anyagra van sz\u00fcks\u00e9ge ahhoz, hogy ism\u00e9t ragyog\u00f3 \u00e9s puha legyen.<\/p>\r\n<p style=\"text-align: justify\">Azonban m\u00e1r az els\u0151 hajmos\u00e1s ut\u00e1n \u00e9reztem, hogy a hajv\u00e9gek sokkal l\u00e1gyabb\u00e1, selymesebb\u00e9 v\u00e1ltak, az intenz\u00edv, hosszan tart\u00f3 k\u00f3kusz illatr\u00f3l m\u00e1r nem is besz\u00e9lve.<\/p>\r\n<p style=\"text-align: justify\"><strong><em>De l\u00e1ssuk, mit is ken\u00fcnk a hajunkra!<\/em> <\/strong><\/p>\r\n<p style=\"text-align: justify\">Aqua (<em>v\u00edz<\/em>) , <a href=\"http:\/\/www.vitaminsziget.com\/ecikk.php?id=332\" target=\"_blank\">Sodium laureth sulfate<strong><em>, <\/em><\/strong><\/a><a href=\"http:\/\/www.vitaminsziget.com\/ecikk.php?id=1504\" target=\"_blank\">Cocoamidopropyl Betaine<\/a>, Sodium Chloride<em><strong>, <\/strong><\/em><span class=\"st\">Dimethiconol (<em>szilikon<\/em>), <\/span><span class=\"st\">Cocos nucifera oil (<em>k\u00f3kuszolaj<\/em>),\u00a0Gardenia Tahitensis Flower Extract, Glycine Sonja Oil, Guar Hydroxypropyltrimonium Chloride(<em>guargumib\u00f3l,<\/em> <em>s\u0171r\u0171s\u00e9g szab\u00e1lyoz\u00f3 anyag<\/em>), Parfum, Carbomer(<em>s\u0171r\u00edt\u0151 anyag<\/em>), Glycol Distearate (<em>\u00e1tl\u00e1tszatlann\u00e1 tev\u0151 \u00e9s s\u0171r\u0171s\u00e9g szab\u00e1lyoz\u00f3 seg\u00e9danyag<\/em>), Disodium EDTA (<em>el\u0151seg\u00edti, hogy a kr\u00e9m meg\u0151rizze \u00e1llag\u00e1t, illat\u00e1t<\/em>), <span class=\"st\">TEA-Dodecylbenzenesulfonate<\/span>, TEA-Sulfate, PPG-12, <\/span>Tocopherol,\u00a0 Triethanolamine,\u00a0 Citric Acid,\u00a0 Sodium Hydroxide,\u00a0 Sodium Benzoate,\u00a0 DMM Hydantoin,\u00a0 Methylchloroisothiazolinone,\u00a0 Methylisothiazolinone,\u00a0 Benzyl Alcohol,\u00a0 Benzyl Cinnamate,\u00a0 Coumarin,\u00a0 Linalool <em><strong>Kiszerel\u00e9se:<\/strong> <\/em>400 ml, <br \/><em><strong>Aj\u00e1nlott fogyaszt\u00f3i \u00e1ra:<\/strong> <\/em>669 forint<\/p>\r\n<p style=\"text-align: center\"><em><strong><span style=\"text-decoration: underline\">2. Baba k\u00e9nyeztet\u0151 tusf\u00fcrd\u0151 - shea vaj \u00e9s narancsvir\u00e1g<\/span> <\/strong><\/em><\/p>\r\n<p style=\"text-align: justify\"><strong><em>Amit a term\u00e9kr\u0151l tudhatunk<br \/><br \/><\/em><\/strong>A shea vaj az afrikai sheafa, m\u00e1s n\u00e9ven karit\u00e9fa gy\u00fcm\u00f6lcs\u00e9nek magj\u00e1b\u00f3l nyert puha vaj. T\u00e1pl\u00e1l\u00f3 E-vitamint \u00e9s b\u00e9ta-karotint tartalmaz, melyek hat\u00e1s\u00e1ra a b\u0151r puha \u00e9s selymes lesz. A Baba shea vaj \u00e9s narancsvir\u00e1g k\u00e9nyeztet\u0151 tusf\u00fcrd\u0151 k\u00f6nnyed, finom illata \u00e9s kr\u00e9mes, l\u00e1gy habja k\u00fcl\u00f6nleges \u00e9lm\u00e9nny\u00e9 var\u00e1zsolja a zuhanyoz\u00e1s perceit. B\u0151rbar\u00e1t pH \u00e9rt\u00e9k\u0171, b\u0151rgy\u00f3gy\u00e1szatilag tesztelt.<\/p>\r\n<p><a href=\"https:\/\/voilamode.cafeblog.hu\/files\/2014\/06\/185f2244d7b52beba3c12118bdd75fa1.jpg\"><img class=\"wp-image-594 size-full\" src=\"https:\/\/voilamode.cafeblog.hu\/files\/2014\/06\/185f2244d7b52beba3c12118bdd75fa1.jpg\" alt=\"Sheafa magja\" width=\"550\" height=\"309\" \/><\/a><\/p>\r\n<p style=\"text-align: justify\"><em><strong>Belbecs<br \/><br \/><\/strong><\/em>Az illata intenz\u00edv, sz\u00e1momra t\u00fals\u00e1gosan is er\u0151teljes, p\u00faderes. \u00c1llaga l\u00e1gy, kr\u00e9mes, zuhany alatt k\u00f6nnyen kenhet\u0151, felvihet\u0151, \u00e9s hihetetlen\u00fcl j\u00f3l habzik, \u00edgy a hossz\u00fa \u00e9s f\u00e1raszt\u00f3 napok v\u00e9g\u00e9n ezzel f\u0171szerezem meg a habf\u00fcrd\u0151met.<\/p>\r\n<p><a href=\"https:\/\/voilamode.cafeblog.hu\/files\/2014\/06\/IMG_20140610_210159.jpg\"><img class=\"size-full wp-image-598 aligncenter\" src=\"https:\/\/voilamode.cafeblog.hu\/files\/2014\/06\/IMG_20140610_210159.jpg\" alt=\"baba\" width=\"370\" height=\"493\" \/><\/a><\/p>\r\n<p style=\"text-align: justify\">Haszn\u00e1lata sor\u00e1n nem tapasztaltam ki\u00fct\u00e9st, piros foltokat, vagy egy\u00e9b b\u0151rfel\u00fcleti irrit\u00e1ci\u00f3t, de a mindennapos haszn\u00e1lat sor\u00e1n k\u00f6nnyen kisz\u00e1r\u00edtja a b\u0151rt, amit persze egy j\u00f3 kis hidrat\u00e1l\u00f3 kr\u00e9mmel k\u00f6nnyen eszk\u00f6z\u00f6lhet\u00fcnk. (A<em>z \u00f6sszetev\u0151ivel itt m\u00e1r nem untatn\u00e1lak titeket<\/em>).<\/p>\r\n<p><em><strong>Kiszerel\u00e9s:<\/strong> <\/em>400 ml<br \/><strong><em>Aj\u00e1nlott fogyaszt\u00f3i \u00e1ra:<\/em><\/strong> 649 Ft\u00a0<\/p>\r\n<p style=\"text-align: center\"><span style=\"text-decoration: underline\"> <strong><em>3. Baba tusf\u00fcrd\u0151 vadszeder \u00e9s gy\u00f6mb\u00e9r<\/em><\/strong><\/span><\/p>\r\n<p style=\"text-align: justify\"><strong><em>Amit a term\u00e9kr\u0151l tudhatunk<br \/><br \/><\/em><\/strong>Ez a k\u00fcl\u00f6nleges \u00f6sszet\u00e9tel\u0171 tusf\u00fcrd\u0151 igazi telital\u00e1lat, ha felfriss\u00fcl\u00e9sre v\u00e1gyunk. A vadszeder friss, gy\u00fcm\u00f6lcs\u00f6s illat\u00e1val \u00e9s a gy\u00f6mb\u00e9r t\u00fczess\u00e9g\u00e9vel felpezsd\u00edti \u00e9s \u00e9leter\u0151vel t\u00f6lti el eg\u00e9sz l\u00e9nyed. B\u0151rbar\u00e1t pH \u00e9rt\u00e9k\u0171, b\u0151rgy\u00f3gy\u00e1szatilag tesztelt.<\/p>\r\n<p><a href=\"https:\/\/voilamode.cafeblog.hu\/files\/2014\/06\/IMG_20140610_210216.jpg\"><img class=\"size-full wp-image-597 aligncenter\" src=\"https:\/\/voilamode.cafeblog.hu\/files\/2014\/06\/IMG_20140610_210216.jpg\" alt=\"\" width=\"370\" height=\"493\" \/><\/a><\/p>\r\n<p style=\"text-align: justify\"><em><strong>Belbecs<br \/><br \/><\/strong><\/em>A p\u00e1rom hamar r\u00e1kattant, im\u00e1dta, \u00e9s az\u00f3ta is csak \u00f3d\u00e1kat zeng err\u0151l a term\u00e9kr\u0151l. Reggelente \u00fagy \u00e9rezte, tal\u00e1n a gy\u00f6mb\u00e9rnek k\u00f6sz\u00f6nhet\u0151en, hogy szinte felpezsd\u00fcl a v\u00e9re, \u00e9s az illata hossz\u00fa ideig megmaradt, h\u00e1la a vadszeder frissess\u00e9g\u00e9nek. \u00a0<\/p>\r\n<p style=\"text-align: justify\"><strong><em>Kiszerel\u00e9s:<\/em><\/strong> 400 ml <br \/><strong><em>Aj\u00e1nlott fogyaszt\u00f3i \u00e1ra:<\/em><\/strong> 649 Ft<\/p>\r\n<p style=\"text-align: justify\"><strong><em>V\u00e9g\u00fcl egy kis t\u00f6rt\u00e9nelem<\/em><\/strong><\/p>\r\n<p style=\"text-align: justify\">Tudt\u00e1tok, hogy a Baba m\u00e1rka 1920 \u00f3ta van jelen a szem\u00e9lyes tiszt\u00e1lkod\u00e1sban, \u00edgy a mindennapi \u00e9let\u00fcnkben? A \u201990-es \u00e9vekig szappannal, olajjal, kr\u00e9mmel \u00e9s hint\u0151porral k\u00e9nyeztette a bab\u00e1k b\u0151r\u00e9t, 1997 j\u00falius\u00e1ra ebb\u0151l egyetlen term\u00e9k \u2013 a Baba szappan \u2013 maradt meg. Ekkor ker\u00fclt a m\u00e1rka az Unilever, vagyis a mi tulajdonunkba.<\/p>\r\n<p><a href=\"https:\/\/voilamode.cafeblog.hu\/files\/2014\/06\/babaszorolap.jpg\"><img class=\"size-full wp-image-599 aligncenter\" src=\"https:\/\/voilamode.cafeblog.hu\/files\/2014\/06\/babaszorolap.jpg\" alt=\"baba\" width=\"500\" height=\"361\" \/><\/a><\/p>\r\n<p style=\"text-align: justify\">Ett\u0151l az \u00e9vt\u0151l kezdve folyamatosan b\u0151v\u00fclt a k\u00edn\u00e1lat a fogyaszt\u00f3i ig\u00e9nyek figyelembe v\u00e9tel\u00e9vel \u00e9s imm\u00e1ron az eg\u00e9sz csal\u00e1d sz\u00e1m\u00e1ra k\u00edn\u00e1ljuk term\u00e9keinket. 1999-ben Baba tusf\u00fcrd\u0151kkel b\u0151v\u00edtett\u00fck a reperto\u00e1runkat, majd az \u00e9vek folyam\u00e1n sorra megjelentek a Baba habf\u00fcrd\u0151k, test\u00e1pol\u00f3k, samponok \u00e9s dezodorok is \u00e9s m\u00e1ra m\u00e1r k\u00fcl\u00f6n f\u00e9rfiterm\u00e9kek is \u00e1llnak a v\u00e1s\u00e1rl\u00f3k rendelkez\u00e9s\u00e9re. 2012-ben \u201e\u00daJ k\u00f6nt\u00f6sbe\u201d \u00f6lt\u00f6z\u00f6tt a Baba m\u00e1rka, modernebb, letisztultabb csomagol\u00e1st kaptak a term\u00e9kek. Mostant\u00f3l teh\u00e1t \u00faj csomagol\u00e1sban, de a j\u00f3l megszokott, kiv\u00e1l\u00f3 min\u0151s\u00e9gben pomp\u00e1znak a Baba term\u00e9kek a boltok polcain. Baba. Gyeng\u00e9d \u00e1pol\u00e1s, 1920 \u00f3ta!<\/p>\r\n<p>De, mint m\u00e1skor, most sem r\u00e1besz\u00e9lni akarlak Titeket a Baba term\u00e9keire, a fenti bejegyz\u00e9st csup\u00e1n egy sz\u00f6sszenetnyi kedvcsin\u00e1l\u00f3nak sz\u00e1ntam egy j\u00f3 kis f\u00fcrd\u0151z\u00e9shez... <br \/><br \/><a href=\"https:\/\/voilamode.cafeblog.hu\/files\/2014\/06\/giphy1.gif\"><img class=\"size-full wp-image-596 aligncenter\" src=\"https:\/\/voilamode.cafeblog.hu\/files\/2014\/06\/giphy1.gif\" alt=\"baba\" width=\"280\" height=\"155\" \/><\/a><\/p>\r\n<p><a href=\"https:\/\/voilamode.cafeblog.hu\/files\/2014\/06\/N\u00e9vtelen1.png\"><img class=\"size-full wp-image-8970 aligncenter\" src=\"https:\/\/voilamode.cafeblog.hu\/files\/2014\/06\/N\u00e9vtelen1.png\" alt=\"Labello\" width=\"286\" height=\"58\" \/><\/a><\/p>\r\n<p style=\"text-align: justify\"><em><strong>Tov\u00e1bbi inform\u00e1ci\u00f3:<\/strong> <\/em> <br \/><a href=\"http:\/\/www.baba.hu\/\" target=\"_blank\">baba<\/a> <br \/><br \/><strong><em>Ha tetszett a poszt, gyertek \u00e9s csatlakozzatok a <a href=\"https:\/\/www.facebook.com\/www.voilamode.hu?ref=hl\" target=\"_blank\">VoilaMode Facebook<\/a> oldal\u00e1hoz, de term\u00e9szetesen az Instagram-on is k\u00f6vethettek:\u00a0@<a href=\"http:\/\/iconosquare.com\/viewer.php#\/user\/296986905\/\">voilamode13<\/a><\/em><\/strong><\/p>","type":"rich"}