{"version":"1.0","provider_name":"VoilaMode","provider_url":"https:\/\/voilamode.cafeblog.hu","author_name":"Antalfy Krisztina","author_url":"https:\/\/voilamode.cafeblog.hu\/author\/antalfykrisztinagmail-com\/","title":"Kiskar\u00e1csony, LUSH kar\u00e1csony 2015.","html":"<p><strong><em>Illatos, k\u00e9nyeztet\u0151 t\u00e9li kollekci\u00f3<\/em><\/strong><\/p>\r\n<p style=\"text-align: justify\"><strong><em>A Lush term\u00e9keit egyszer\u0171en nem lehet nem szeretni, \u00e9n kifejezetten im\u00e1dom, term\u00e9keinek var\u00e1zslatos illata szinte eg\u00e9sz \u00e9vben megid\u00e9zi sz\u00e1momra kedvenc \u00fcnnepemet, a kar\u00e1csonyt. \u00cdgy a legnagyobb \u00f6r\u00f6mmel mondtam igent, amikor megh\u00edv\u00e1st kaptam a vil\u00e1gh\u00edr\u0171 angol m\u00e1rka idei kar\u00e1csonyi partyj\u00e1ra. Az eleg\u00e1ns Hilton sz\u00e1lloda terasz\u00e1n egy kis \u00edzel\u00edt\u0151t kaphattam a feny\u0151fa illat\u00fa, h\u00f3pelyhes szentest\u00e9be, mik\u00f6zben T\u00e9lap\u00f3 sz\u00e1nja elhozta sz\u00e1munkra a \u00a0Lush limit\u00e1lt kiad\u00e1s\u00fa \u00fajdons\u00e1gait.<\/em><\/strong><\/p>\r\n<p><a href=\"https:\/\/voilamode.cafeblog.hu\/files\/2015\/10\/FotorCrddeated.jpg\"><img class=\"alignnone size-full wp-image-7429\" src=\"https:\/\/voilamode.cafeblog.hu\/files\/2015\/10\/FotorCrddeated.jpg\" alt=\"LUSH kar\u00e1csony 2015.\" width=\"550\" height=\"398\" \/><\/a><\/p>\r\n<p style=\"text-align: justify\"><!--more--><em><strong>Id\u0151pont: <\/strong><\/em>2015. szeptember 28.<br \/><em><strong>Helysz\u00edn:<\/strong> <\/em>Hilton Budapest <br \/><br \/>A Lush megszokott \u00fcnnepi term\u00e9kei \u00e9s \u00fajdons\u00e1gai pillanatok alatt elrep\u00edtenek a k\u00e9pzelet vil\u00e1g\u00e1ba, ahol kif\u00fajhatod magad, \u00e9s elengedheted a sz\u00fcrke h\u00e9tk\u00f6znapokban felgy\u00fclemlett stresszt.<\/p>\r\n<p><a href=\"https:\/\/voilamode.cafeblog.hu\/files\/2015\/10\/20150928_123920_HDR.jpg\"><img class=\"size-full wp-image-7430 aligncenter\" src=\"https:\/\/voilamode.cafeblog.hu\/files\/2015\/10\/20150928_123920_HDR.jpg\" alt=\"Lush \" width=\"340\" height=\"604\" \/><\/a><\/p>\r\n<p style=\"text-align: justify\">Az idei kar\u00e1csonyi kollekci\u00f3ban a f\u00fcrd\u0151bomb\u00e1kt\u00f3l a tusf\u00fcrd\u0151zsel\u00e9ken \u00e1t a k\u00e9zzel k\u00e9sz\u00edtett aj\u00e1nd\u00e9kokig sok mindent tal\u00e1lsz, ami tetszeni fog. Minden term\u00e9k veget\u00e1ri\u00e1nus (t\u00f6bbnyire veg\u00e1n) \u00a0\u00e9s term\u00e9szetesen egyiket sem tesztelt\u00e9k \u00e1llatokon. Minden nyersanyag \u00e9s ill\u00f3olaj etikus beszerz\u00e9si forr\u00e1sb\u00f3l sz\u00e1rmazik. A csomagol\u00e1sok \u00fajrahasznos\u00edtott anyagb\u00f3l k\u00e9sz\u00fclnek \u00e9s \u00fajrahasznos\u00edthat\u00f3k, a pap\u00edrokat \u00e9s a szalagokat a vil\u00e1g k\u00fcl\u00f6nb\u00f6z\u0151 t\u00e1jain m\u0171k\u00f6d\u0151 k\u00f6z\u00f6ss\u00e9gi projektekb\u0151l szerezik be a Lush dolgoz\u00f3i, a tov\u00e1bb haszn\u00e1lhat\u00f3 kend\u0151k pedig \u00fajrahasznos\u00edtott m\u0171anyagflakonokb\u00f3l vagy biopamutb\u00f3l k\u00e9sz\u00fclnek.<\/p>\r\n<p style=\"text-align: justify\"><a href=\"https:\/\/voilamode.cafeblog.hu\/files\/2015\/10\/20150928_123809_HDR.jpg\"><img class=\"size-full wp-image-7431 aligncenter\" src=\"https:\/\/voilamode.cafeblog.hu\/files\/2015\/10\/20150928_123809_HDR.jpg\" alt=\"Lush \" width=\"340\" height=\"604\" \/><\/a><\/p>\r\n<p style=\"text-align: justify\">K\u00f6vesd h\u00e1t te is a benned \u00e9l\u0151 k\u00edv\u00e1ncsi, j\u00e1t\u00e9kos kedv\u0171 gyermeket \u00e9s vesd bele magad a nagy halom \u00e9rdekes \u00fajdons\u00e1gba!<\/p>\r\n<div><strong><span style=\"text-decoration: underline\">F\u00fcrd\u0151bomb\u00e1k<\/span><\/strong><em><strong><br \/><br \/><\/strong><\/em><\/div>\r\n<div>V\u00e1ltoztasd m\u0171alkot\u00e1ss\u00e1 a f\u00fcrd\u0151t ezekkel a l\u00e1tv\u00e1nyos f\u00fcrd\u0151bomb\u00e1kkal, melyek puh\u00edtj\u00e1k a b\u0151rt, dezodor\u00e1lnak, j\u00f3kedvre der\u00edtenek \u00e9s beind\u00edtj\u00e1k a k\u00e9pzeleted.<\/div>\r\n<div>\u00a0<\/div>\r\n<div><a href=\"https:\/\/www.lush.hu\/shop\/product\/product\/path\/1031\/id\/1733\/Frdgolyk-Butterbear\" target=\"_blank\"><b>Kaka\u00f3vajas maci\u00f6lel\u00e9s <\/b><\/a><br \/>\r\n<p style=\"text-align: justify\">A kolumbiai, San Jos\u00e9 de Apartad\u00f3beli Peace k\u00f6z\u00f6ss\u00e9g \u00e1ltal k\u00e9sz\u00fclt fair trade kaka\u00f3vaj remek\u00fcl puh\u00edtja a b\u0151rt. Ez a fagyos k\u00fclsej\u0171, \u00e1m sz\u00edvmelenget\u0151, kr\u00e9mes k\u00e9nyeztet\u00e9s a fiatalokat \u00e9s a l\u00e9lekben fiatalokat egyar\u00e1nt elvar\u00e1zsolja.<\/p>\r\n<\/div>\r\n<p style=\"text-align: justify\"><a href=\"https:\/\/voilamode.cafeblog.hu\/files\/2015\/10\/Butterbear-375x375.jpg\"><img class=\"size-full wp-image-7420 aligncenter\" src=\"https:\/\/voilamode.cafeblog.hu\/files\/2015\/10\/Butterbear-375x375.jpg\" alt=\"Lush \" width=\"340\" height=\"340\" \/><\/a><\/p>\r\n<p><a href=\"https:\/\/www.lush.hu\/shop\/product\/product\/path\/1031\/id\/1732\/Frdgolyk-Dashing-Santa\" target=\"_blank\"><b><em>Ho-Ho-hol egy f\u00fcrd\u0151, hadd csobbanjak bele<\/em> <\/b><\/a><\/p>\r\n<p style=\"text-align: justify\">T\u00e9lap\u00f3 pezsg\u0151 aranycsizm\u00e1j\u00e1ban k\u00f6rbesz\u00e1guld a k\u00e1dban, hogy mindenhova elvigye a vid\u00e1m szacumaillatot \u00e9s csillog\u00f3 h\u00f3pelyhekkel sz\u00f3rja tele a vizet. A toniz\u00e1l\u00f3 hat\u00e1s\u00fa mandarin, bergamott \u00e9s narancsvir\u00e1g m\u00e9g tov\u00e1bb fokozza az \u00fcnnep der\u0171s hangulat\u00e1t.<\/p>\r\n<p style=\"text-align: justify\"><a href=\"https:\/\/voilamode.cafeblog.hu\/files\/2015\/10\/DashingSanta-375x375.jpg\"><img class=\"size-full wp-image-7421 aligncenter\" src=\"https:\/\/voilamode.cafeblog.hu\/files\/2015\/10\/DashingSanta-375x375.jpg\" alt=\"Lush\" width=\"340\" height=\"340\" \/><\/a><em><b><a href=\"https:\/\/www.lush.hu\/shop\/product\/product\/path\/1031\/id\/1998\/Frdgolyk-Yog-Nog-frdbomba\" target=\"_blank\">A cukis\u00e1gbomba<\/a><\/b><\/em><\/p>\r\n<p style=\"text-align: justify\">Luxus f\u00fcrd\u0151bomba, mely tele van f\u0171szeres szegf\u0171szeggel, b\u0151rnyugtat\u00f3 sz\u00f3jajoghurttal \u00e9s \u00e9rz\u00e9ki ylang-ylanggal. Tet\u0151t\u0151l talpig \u00e9des illat\u00fav\u00e1 var\u00e1zsol. Lubickolj a luxusban, mer\u00fclj el a karamell illat\u00e1ban \u00e9s \u00e9lvezd a leheletnyi csill\u00e1mvar\u00e1zst.<\/p>\r\n<p style=\"text-align: justify\"><a href=\"https:\/\/voilamode.cafeblog.hu\/files\/2015\/10\/Yog_Nog_Bath_Bomb-375x375.jpg\"><img class=\"size-full wp-image-7422 aligncenter\" src=\"https:\/\/voilamode.cafeblog.hu\/files\/2015\/10\/Yog_Nog_Bath_Bomb-375x375.jpg\" alt=\"Lush \" width=\"340\" height=\"340\" \/><\/a><\/p>\r\n<div><strong><span style=\"text-decoration: underline\">Habf\u00fcrd\u0151k<\/span><br \/><br \/><\/strong><\/div>\r\n<div>Var\u00e1zsolj a k\u00e1dba illatos, b\u0151rpuh\u00edt\u00f3 habhegyeket!<br \/><br \/><em><b><a href=\"https:\/\/www.lush.hu\/shop\/product\/product\/path\/1032\/id\/2009\/Habfrdk-The-Magic-of-Christmas\" target=\"_blank\">A var\u00e1zs nem t\u00f6rik meg<\/a><\/b><\/em>\r\n<p style=\"text-align: justify\">Keverd ki a kar\u00e1csony var\u00e1zslat\u00e1t melenget\u0151 szegf\u0171szegb\u0151l \u00e9s mandul\u00e1b\u00f3l ennek a f\u0171szeres var\u00e1zsp\u00e1lc\u00e1nak a seg\u00edts\u00e9g\u00e9vel. Tele van fah\u00e9jlev\u00e9llel \u00e9s fair trade bio szegf\u0171szeggel, hogy serkentse a v\u00e9rkering\u00e9st. K\u00f6r\u00f6zz vele a k\u00e1dban vagy tartsd a csap al\u00e1, \u00e9s amikor m\u00e1r sok-sok hab keletkezett, tedd f\u00e9lre a p\u00e1lc\u00e1t sz\u00e1radni.<\/p>\r\n<a href=\"https:\/\/voilamode.cafeblog.hu\/files\/2015\/10\/The_Magic_of_Xmas-375x375.jpg\"><img class=\"size-full wp-image-7423 aligncenter\" src=\"https:\/\/voilamode.cafeblog.hu\/files\/2015\/10\/The_Magic_of_Xmas-375x375.jpg\" alt=\"Lush \" width=\"340\" height=\"340\" \/><\/a><b><br \/><a href=\"https:\/\/www.lush.hu\/shop\/product\/product\/path\/1032\/id\/1740\/Habfrdk-Holly-Golightly\" target=\"_blank\"><em>\u00d6lt\u00f6ztesd kar\u00e1csonyi d\u00edszbe a f\u00fcrd\u0151d <\/em><\/a><\/b><br \/>\r\n<p style=\"text-align: justify\">El\u00e9g a fagyoskod\u00e1sb\u00f3l, burkol\u00f3zz be a k\u00e9nyeztet\u0151 kar\u00e1csonyi habtakar\u00f3ba, amit a Holly Golightly ter\u00edt a k\u00e1d viz\u00e9re. Morzsold el a t\u00f6mb\u00f6t a megeresztett csap alatt \u00e9s \u00e9lvezd a fah\u00e9jlev\u00e9l pacsulival kevered\u0151 illat\u00e1t, mely a f\u0171szeres forralt borra eml\u00e9keztet. Ez a kar\u00e1csonyi hangulat\u00fa f\u00fcrd\u0151 a b\u0151r\u00f6dnek is \u00fcnnep lesz!<\/p>\r\n<a href=\"https:\/\/voilamode.cafeblog.hu\/files\/2015\/10\/HollyGoLightly-375x375.jpg\"><img class=\"size-full wp-image-7424 aligncenter\" src=\"https:\/\/voilamode.cafeblog.hu\/files\/2015\/10\/HollyGoLightly-375x375.jpg\" alt=\"Lush \" width=\"340\" height=\"340\" \/><\/a><a href=\"https:\/\/www.lush.hu\/shop\/product\/product\/path\/1032\/id\/2008\/Habfrdk-Peeping-Santa\" target=\"_blank\"><em><strong>Ho-ho-h\u00f3!<\/strong><\/em><\/a>\r\n<p style=\"text-align: justify\">Ez a vid\u00e1m kis t\u00e9lap\u00f3 nemcsak \u00fcnnepi hangulatot, hanem b\u0151rpuh\u00edt\u00f3 sheavajat \u00e9s eperillatot is hozott mag\u00e1val. A benne l\u00e9v\u0151 kr\u00e9mes, bio kaka\u00f3vajat az Ojoba n\u0151i sz\u00f6vetkezet k\u00e9sz\u00edtette Gh\u00e1n\u00e1ban. Morzsold el a k\u00e1dba zuhog\u00f3 v\u00edz alatt, \u00e9s sok-sok gy\u00fcm\u00f6lcsillat\u00fa hab lesz a jutalmad.<\/p>\r\n<a href=\"https:\/\/voilamode.cafeblog.hu\/files\/2015\/10\/product_christmas_peeping_santa-375x375.jpg\"><img class=\"size-full wp-image-7425 aligncenter\" src=\"https:\/\/voilamode.cafeblog.hu\/files\/2015\/10\/product_christmas_peeping_santa-375x375.jpg\" alt=\"Lush \" width=\"340\" height=\"340\" \/><\/a><\/div>\r\n<div><span style=\"text-decoration: underline\"><strong>Luxusf\u00fcrd\u0151k<\/strong><\/span><br \/><br \/><\/div>\r\n<div style=\"text-align: justify\">El fogsz olvadni a luxus\u00e9lm\u00e9nyt\u0151l, amit ezek a kifinomult, vajas, pomp\u00e1s illat\u00fa b\u0151rpuh\u00edt\u00f3k ny\u00fajtanak.<\/div>\r\n<div style=\"text-align: justify\">\u00a0<\/div>\r\n<div style=\"text-align: justify\"><em><strong><a href=\"https:\/\/www.lush.hu\/shop\/product\/product\/id\/1762\/keyword\/snow+angel\/snow-angel\" target=\"_blank\">Snow Angel<\/a><\/strong><\/em><\/div>\r\n<div style=\"text-align: justify\">\r\n<p>Ez a hidrat\u00e1l\u00f3 luxusf\u00fcrd\u0151 h\u00f3vihart kavar a k\u00e1dban, majd feh\u00e9r habtakar\u00f3val bor\u00edtja be a f\u00fcrd\u0151t \u00e9s mindent csillog\u00f3 arany ragyog\u00e1ssal von be. Sok-sok hidrat\u00e1l\u00f3 kaka\u00f3vajat \u00e9s k\u00fcl\u00f6nf\u00e9le r\u00f3zs\u00e1kb\u00f3l k\u00e9sz\u00fclt kever\u00e9ket tartalmaz, s mindezt benzoin \u00e9s a kasszia ill\u00f3olaja eg\u00e9sz\u00edti ki. K\u00e9nyeztet\u0151, k\u00f6nnyed, vir\u00e1gos illat\u00e1ban marcip\u00e1nos \u00e1rnyalatok bujk\u00e1lnak.<\/p>\r\n<\/div>\r\n<p style=\"text-align: justify\"><a href=\"https:\/\/voilamode.cafeblog.hu\/files\/2015\/10\/SnowAngel-375x375.jpg\"><img class=\"size-full wp-image-7426 aligncenter\" src=\"https:\/\/voilamode.cafeblog.hu\/files\/2015\/10\/SnowAngel-375x375.jpg\" alt=\"Lush \" width=\"340\" height=\"340\" \/><\/a><\/p>\r\n<div class=\"textLayer\">\r\n<div><em><strong>Szappanok<\/strong><\/em><\/div>\r\n<div>\u00a0<\/div>\r\n<div style=\"text-align: justify\">\u00d6ntart\u00f3s\u00edt\u00f3 szappanjaink k\u00e9zzel k\u00e9sz\u00fcltek a legfinomabb, legfrissebb gy\u00fcm\u00f6lcs\u00f6k, z\u00f6lds\u00e9gek \u00e9s ill\u00f3olajok felhaszn\u00e1l\u00e1s\u00e1val.<\/div>\r\n<div>\u00a0<\/div>\r\n<div><em><strong>Reindeer Rock<\/strong> <\/em><\/div>\r\n<\/div>\r\n<div id=\"panel_description\" class=\"description\">\r\n<p style=\"text-align: justify\">Csill\u00e1ml\u00f3 szappan, tele gyullad\u00e1sg\u00e1tl\u00f3 v\u00f6r\u00f6s \u00e1fony\u00e1val. \u00dcnnepi t\u00e1pl\u00e1l\u00e9k a t\u00e9li id\u0151j\u00e1r\u00e1s \u00e1ltal megviselt b\u0151rnek! L\u00e9pj be a f\u00fcrd\u0151szob\u00e1ba \u00e9s indulj utaz\u00e1sra Skandin\u00e1via h\u00f3f\u00f6dte hegyei k\u00f6z\u00e9, ahol r\u00e9nszarvascsord\u00e1k v\u00e1ndorolnak \u00f6r\u00f6kz\u00f6ldeket legelgetve. Ennek a t\u00e1jnak a frissess\u00e9ge, nyugalma nagyon j\u00f3l fog esni a kar\u00e1csonyi s\u00fcrg\u00e9s-forg\u00e1s k\u00f6zepette.<\/p>\r\n<p style=\"text-align: justify\"><a href=\"https:\/\/voilamode.cafeblog.hu\/files\/2015\/10\/Reindeer_rock_gift-375x375.jpg\"><img class=\"size-full wp-image-7427 aligncenter\" src=\"https:\/\/voilamode.cafeblog.hu\/files\/2015\/10\/Reindeer_rock_gift-375x375.jpg\" alt=\"Lush \" width=\"340\" height=\"340\" \/><\/a><\/p>\r\n<\/div>\r\n<p style=\"text-align: justify\"><span style=\"text-decoration: underline\"><strong>Kar\u00e1csonyi aj\u00e1nd\u00e9kcsomagok<\/strong><\/span><\/p>\r\n<p style=\"text-align: justify\"><em><strong><a href=\"https:\/\/www.lush.hu\/shop\/product\/product\/path\/1043\/id\/2019\/Karcsonyi-ajndkcsomagok-Holiday-Cheer\" target=\"_blank\">Holiday Cheer <\/a><\/strong><\/em><\/p>\r\n<p style=\"text-align: justify\"><a href=\"https:\/\/voilamode.cafeblog.hu\/files\/2015\/10\/holiday_cheer-375x375.jpg\"><img class=\"size-full wp-image-7428 aligncenter\" src=\"https:\/\/voilamode.cafeblog.hu\/files\/2015\/10\/holiday_cheer-375x375.jpg\" alt=\"Lush \" width=\"340\" height=\"340\" \/><\/a><\/p>\r\n<p style=\"text-align: center\"><span style=\"text-decoration: underline\"><strong>A Lush\u00a0\u00edgy j\u00f3t\u00e9konykodik<\/strong><\/span><\/p>\r\n<p style=\"text-align: justify\">A hangulatos\u00a0\u00fcnnepi kollekci\u00f3 bemutat\u00f3j\u00e1n, a csod\u00e1s term\u00e9kek mellett megismerkedhett\u00fcnk h\u00e1rom olyan civil szervezettel, akik a\u00a0csek\u00e9ly anyagi t\u00e1mogat\u00e1sok ellen\u00e9re is\u00a0 megadj\u00e1k a sz\u00fcks\u00e9ges seg\u00edts\u00e9get:<\/p>\r\n<p style=\"text-align: justify\"><strong>Az <\/strong><a href=\"http:\/\/artemisszio.blog.hu\/\" target=\"_blank\"><strong>Artemisszi\u00f3 Alap\u00edtv\u00e1ny<\/strong> <\/a>c\u00e9lja a k\u00fcl\u00f6nb\u00f6z\u0151 kultur\u00e1lis, etnikai \u00e9s t\u00e1rsadalmi csoportok k\u00f6z\u00f6tti p\u00e1rbesz\u00e9d \u00e9s k\u00f6zeled\u00e9s er\u0151s\u00edt\u00e9se, a k\u00f6lcs\u00f6n\u00f6s meg\u00e9rt\u00e9s el\u0151seg\u00edt\u00e9se, a h\u00e1tr\u00e1nyos helyzet\u0171 csoportok t\u00e1rsadalmi integr\u00e1ci\u00f3j\u00e1nak t\u00e1mogat\u00e1sa, a nemzetk\u00f6zi kultur\u00e1lis \u00e9s tudom\u00e1nyos kapcsolatok er\u0151s\u00edt\u00e9se, valamint interkultur\u00e1lis k\u00e9pz\u00e9si programok, k\u00e9pz\u00e9si anyagok \u00e9s m\u00f3dszertan fejleszt\u00e9se \u00e9s terjeszt\u00e9se.<\/p>\r\n<div style=\"text-align: justify\"><strong>A <a href=\"http:\/\/konturegyesulet.weebly.com\/\" target=\"_blank\">Kont\u00far Egyes\u00fclet <\/a><\/strong>olyan jog\u00e1szok, szociol\u00f3gusok, szoci\u00e1lis munk\u00e1sok fiatalok civil szervezete, akik a m\u00e9g fiatalabbaknak k\u00edn\u00e1lnak programokat iskol\u00e1kkal, \u00f6nkorm\u00e1nyzatokkal \u00e9s egy\u00e9b civil szervezetekkel egy\u00fcttm\u0171k\u00f6dve. C\u00e9ljuk a fiatalok \u00f6nismeret\u00e9nek, \u00f6n\u00e9rt\u00e9kel\u00e9s\u00e9nek fejleszt\u00e9se, \u00f6nk\u00e9ntess\u00e9gre nevel\u00e9se. Emellett a szeg\u00e9nys\u00e9gben \u00e9l\u0151k sz\u00e1m\u00e1ra programokat ind\u00edtanak a csal\u00e1dok bevon\u00e1s\u00e1val.<\/div>\r\n<div style=\"text-align: justify\">\u00a0<\/div>\r\n<div style=\"text-align: justify\"><a href=\"http:\/\/www.zoldzebra.hu\/hu\/news.php\"><strong>Z\u00f6ld Zebra \u00c1llat- \u00e9s Term\u00e9szetv\u00e9d\u0151 Egyes\u00fclet<\/strong><\/a> 2005. \u0151sz\u00e9n gy\u0171lt \u00f6ssze el\u0151sz\u00f6r, hogy seg\u00edtsenek az \u00e1llatmenhelyeknek. R\u00f6videsen r\u00e1j\u00f6ttek, hogy amellett, hogy akt\u00edvan r\u00e9szt v\u00e1llalnak a menhelyeken foly\u00f3 tev\u00e9kenys\u00e9gekben, szeretn\u00e9k a helyzet megel\u0151z\u00e9s\u00e9ben is r\u00e9szt venni.<\/div>\r\n<div style=\"text-align: justify\"><strong><br \/>\u00c9s Te hogyan seg\u00edthetsz? Ha v\u00e1s\u00e1rolsz egy <\/strong><strong>Charity Pot<\/strong> elnevez\u00e9s\u0171 k\u00e9z- \u00e9s test\u00e1pol\u00f3 kr\u00e9met, akkor nem csak a b\u0151r\u00f6dnek teszel j\u00f3t, hanem egy nemes \u00fcgyet is t\u00e1mogatsz. A Charity Pot eset\u00e9ben az ad\u00f3 befizet\u00e9se ut\u00e1n megmarad\u00f3 bev\u00e9tel 100%-\u00e1t kis, helyi szervezeteknek adom\u00e1nyozza a LUSH, amely szervezetek\u00a0arra haszn\u00e1lhatj\u00e1k a seg\u00edts\u00e9get, hogy folytass\u00e1k nagyszer\u0171 tev\u00e9kenys\u00e9g\u00fcket.<\/div>\r\n<div style=\"text-align: justify\"><a href=\"https:\/\/voilamode.cafeblog.hu\/files\/2015\/09\/charitypotselfpreservedlidlushlogo.jpg\"><img class=\"size-full wp-image-7562 aligncenter\" src=\"https:\/\/voilamode.cafeblog.hu\/files\/2015\/09\/charitypotselfpreservedlidlushlogo.jpg\" alt=\"LUSH\" width=\"370\" height=\"357\" \/><\/a><\/div>\r\n<p style=\"text-align: justify\"><em><strong>Tov\u00e1bbi LUSH \u00fajdons\u00e1gokat pedig itt tal\u00e1lsz:<\/strong><\/em><br \/><a href=\"https:\/\/www.lush.hu\/shop\/product\/category\/path\/1001\/karcsony\" target=\"_blank\">LUSH Kar\u00e1csony<\/a><\/p>","type":"rich"}